{"id":1208,"date":"2022-03-09T11:27:42","date_gmt":"2022-03-09T10:27:42","guid":{"rendered":"http:\/\/www.planvertical.ch\/site\/?page_id=1208"},"modified":"2025-06-05T16:46:02","modified_gmt":"2025-06-05T15:46:02","slug":"comite","status":"publish","type":"page","link":"http:\/\/www.planvertical.ch\/site\/comite\/","title":{"rendered":"Comit\u00e9 2025"},"content":{"rendered":"\n<p><strong style=\"font-size: 16px; text-align: left;\">&nbsp;<\/strong><\/p>\n\n\n\n<p class=\"has-text-align-left\"><strong>Le comit\u00e9 2025<\/strong><\/p>\n\n\n\n<p>Pr\u00e9sident : Beno\u00eet Crettenand<\/p>\n\n\n\n<p>Tr\u00e9sorier : Thibault Crettenand<\/p>\n\n\n\n<p>Secr\u00e9taires, gestion des membres : <em>A pourvoir<\/em><\/p>\n\n\n\n<p>Mat\u00e9riel : Nicolas Crettenand<\/p>\n\n\n\n<p>Site Internet, r\u00e9seaux sociaux : <em>A pourvoir<\/em><\/p>\n\n\n\n<p>Coordinateur AVGM : Michael Kimber<\/p>\n\n\n\n<p>Coordinateur ASPE : <em>A pourvoir<\/em><\/p>\n\n\n\n<p><\/p>\n\n\n\n<p><span style=\"font-weight: 400;\"><br><\/span><b><br><\/b><\/p>\n\n\n\n<p class=\"has-text-align-left\"><em>Un tout grand merci \u00e0 Virginie Crettenand, Marianne Chapuisat, Pauline Abbet, Nina Pfaendler, <em>Marie-Jeanne Hugon, Annick Praz<\/em>, Jean Marie Moos, Jean-Marie Porcellana,  Francois-Joseph Roduit, Bertrand Gentizon, J\u00e9r\u00e9mie Gentizon et Hugo Beguin qui se sont investis g\u00e9n\u00e9reusement et &nbsp;qui ont travaill\u00e9 b\u00e9n\u00e9volement au comit\u00e9 &nbsp;pendant plusieurs ann\u00e9es pour le bien de la communaut\u00e9 verticale.<\/em><\/p>\n\n\n\n<p class=\"has-text-align-left\">et surtout&#8230;&nbsp;<strong>tous les membres<\/strong> sans lesquels rien ne pourrait se faire. Merci \u00e0 eux.<\/p>\n\n\n\n<p class=\"has-text-align-left\">(et notre ange gardien, Jean-Luc Vaudan.)<\/p>\n\n\n\n<figure class=\"wp-block-image\"><a href=\"http:\/\/www.planvertical.ch\/site\/wp-content\/uploads\/2018\/03\/IMG_7392.jpg\"><img loading=\"lazy\" width=\"257\" height=\"300\" src=\"http:\/\/www.planvertical.ch\/site\/wp-content\/uploads\/2018\/03\/IMG_7392-257x300.jpg\" alt=\"\" class=\"wp-image-686\" srcset=\"http:\/\/www.planvertical.ch\/site\/wp-content\/uploads\/2018\/03\/IMG_7392-257x300.jpg 257w, http:\/\/www.planvertical.ch\/site\/wp-content\/uploads\/2018\/03\/IMG_7392-210x244.jpg 210w, http:\/\/www.planvertical.ch\/site\/wp-content\/uploads\/2018\/03\/IMG_7392.jpg 710w\" sizes=\"(max-width: 257px) 100vw, 257px\" \/><\/a><\/figure>\n\n\n\n<figure class=\"wp-block-table\"><table><tbody><tr><td>&nbsp;<\/td><td>&nbsp;<\/td><\/tr><\/tbody><\/table><\/figure>\n\n\n\n<p><\/p>\n","protected":false},"excerpt":{"rendered":"<p>&nbsp; Le comit\u00e9 2025 Pr\u00e9sident : Beno\u00eet Crettenand Tr\u00e9sorier : Thibault Crettenand Secr\u00e9taires, gestion des membres : A pourvoir Mat\u00e9riel&hellip;<\/p>\n","protected":false},"author":3,"featured_media":0,"parent":0,"menu_order":0,"comment_status":"closed","ping_status":"closed","template":"","meta":[],"_links":{"self":[{"href":"http:\/\/www.planvertical.ch\/site\/wp-json\/wp\/v2\/pages\/1208"}],"collection":[{"href":"http:\/\/www.planvertical.ch\/site\/wp-json\/wp\/v2\/pages"}],"about":[{"href":"http:\/\/www.planvertical.ch\/site\/wp-json\/wp\/v2\/types\/page"}],"author":[{"embeddable":true,"href":"http:\/\/www.planvertical.ch\/site\/wp-json\/wp\/v2\/users\/3"}],"replies":[{"embeddable":true,"href":"http:\/\/www.planvertical.ch\/site\/wp-json\/wp\/v2\/comments?post=1208"}],"version-history":[{"count":10,"href":"http:\/\/www.planvertical.ch\/site\/wp-json\/wp\/v2\/pages\/1208\/revisions"}],"predecessor-version":[{"id":1261,"href":"http:\/\/www.planvertical.ch\/site\/wp-json\/wp\/v2\/pages\/1208\/revisions\/1261"}],"wp:attachment":[{"href":"http:\/\/www.planvertical.ch\/site\/wp-json\/wp\/v2\/media?parent=1208"}],"curies":[{"name":"wp","href":"https:\/\/api.w.org\/{rel}","templated":true}]}}