{"id":1069,"date":"2021-01-02T11:41:28","date_gmt":"2021-01-02T10:41:28","guid":{"rendered":"http:\/\/www.planvertical.ch\/site\/?page_id=1069"},"modified":"2023-07-13T17:11:45","modified_gmt":"2023-07-13T16:11:45","slug":"demande-de-materiel","status":"publish","type":"page","link":"http:\/\/www.planvertical.ch\/site\/demande-de-materiel\/","title":{"rendered":"Demande de mat\u00e9riel ou d&rsquo;autre soutien"},"content":{"rendered":"<p>PV fonctionne principalement par les cotisations de ses membres. MERCI LES AMIS ! Le club alpin suisse, plusieurs sections de club alpin et autres partenaires et de magnifiques dons compl\u00e8tent le budget. <strong>Merci, encore merci<\/strong>. Ann\u00e9e apr\u00e8s ann\u00e9e, d&rsquo;assembl\u00e9es g\u00e9n\u00e9rales en concertations diverses, le comit\u00e9 de Plan Vertical remet en discussion les modalit\u00e9s de soutien \u00e0 l&rsquo;escalade<\/p>\n<p>Ainsi, demander du mat\u00e9riel \u00e0 PV implique de jouer le jeu! Assurer un suivi, fournir un topo, respecter la faune, la flore, les propri\u00e9taires, les autres usagers sont des exemples de conditions qui assortiront don de mat\u00e9riel, pr\u00eat de machines, mise \u00e0 disposition de mat\u00e9riel \u00e0 des tarifs privil\u00e9gi\u00e9s, soutiens lors de m\u00e9diation.<\/p>\n<p>Nos soutiens sont de diff\u00e9rentes nature\u00a0:<\/p>\n<ul>\n<li><b>M\u00e9diations et conseils<\/b><b>.<\/b> Seulement pour celles et ceux qui le demandent! R\u00e9seautage, expertise, r\u00e9unions sur le terrain, lors des phases de planification et d&rsquo;ex\u00e9cution dans les domaines de la nature, au besoin des autorit\u00e9s, des propri\u00e9taires, des autres utilisateurs, des autres \u00e9quipeurs. Conseils techniques, journ\u00e9es de r\u00e9flexions sur l&rsquo;\u00e9volution de l&rsquo;escalade<\/li>\n<li><strong>Formation au r\u00e9\u00e9quipement et \u00e0 l&rsquo;\u00e9quipement<\/strong>. Souvent en collaboration avec des partenaires<\/li>\n<li><b>Conciergerie<\/b>\u00a0: r\u00e9parations, changer un relais, un maillon, remplacer un spit cass\u00e9 ou manquant, etc\u2026<\/li>\n<li><b>R\u00e9\u00e9quipement\u00a0<\/b>: remplacement de mat\u00e9riel existant d\u00e9pass\u00e9 par du mat\u00e9riel neuf et durable. En g\u00e9n\u00e9ral nous demandons un r\u00e9\u00e9quipement complet, en supprimant et dissimulant tous les anciens points puis en installant du mat\u00e9riel inox selon les standards actuels et adapt\u00e9 au lieu, \u00e0 la difficult\u00e9 et au style du secteur.<\/li>\n<li><b>Equipement\u00a0<\/b>: mise en place d\u2019une nouvelle voie, moulinette, etc\u2026<\/li>\n<li><b>Divers\u00a0<\/b>: animations, vernissage, ap\u00e9ro, yoga, etc\u2026<\/li>\n<\/ul>\n<p>Pour\u00a0<b><span style=\"text-decoration: underline;\">demander du mat\u00e9riel<\/span><\/b>, merci de nous renvoyer \u00e0\u00a0planvertical@gmail.com les documents suivants remplis\u00a0:<\/p>\n<ul>\n<li><b>Pr\u00e9sentation\u00a0<\/b>du projet (Word, ou corps du mail)<\/li>\n<li>Demande de\u00a0<b>mat\u00e9riel\u00a0<\/b>PV (Excel : <a href=\"http:\/\/www.planvertical.ch\/site\/wp-content\/uploads\/2023\/07\/Demande-de-materiel-PV-v1.3.xlsx\">Demande-de-materiel-PV-v1.3<\/a> \u00a0&#8211; \u00a0Pdf :\u00a0<a href=\"http:\/\/www.planvertical.ch\/site\/wp-content\/uploads\/2023\/07\/Demande-de-materiel-PV-v1.3.pdf\">Demande-de-materiel-PV-v1.3<\/a>)<\/li>\n<li>Check-list nature et\u00a0<b>environnement\u00a0<\/b>du CAS (<a href=\"http:\/\/www.planvertical.ch\/site\/wp-content\/uploads\/2021\/01\/Formular_Natur___Umwelt.pdf\">Formular_Natur___Umwelt<\/a>)<\/li>\n<li>Etre\u00a0<b>membre\u00a0<\/b>de PV est un \u00e9l\u00e9ment aidant \ud83d\ude09<\/li>\n<\/ul>\n<p>A la r\u00e9ception, nous vous enverrons un num\u00e9ro identifiant afin de diff\u00e9rencier toutes les demandes et d\u00e9signerons un interlocuteur de notre comit\u00e9 qui suivra le projet. Au plus tard lors de la r\u00e9union de comit\u00e9 suivante nous discuterons du projet et l\u2019interlocuteur vous enverra une r\u00e9ponse selon nos disponibilit\u00e9s, notre stock de mat\u00e9riel et nos finances.<\/p>\n<p>Durant le projet\u00a0:<\/p>\n<ul>\n<li>Tenir \u00e0 jour<b>le dossier de suivi\u00a0<\/b>en ligne, afin de suivre l\u2019avanc\u00e9e, les probl\u00e8mes, etc..<\/li>\n<li>Rendre le\u00a0<b>mat\u00e9riel\u00a0<\/b>non utilis\u00e9, fournir une liste d\u00e9taill\u00e9e de ce qui a \u00e9t\u00e9 utilis\u00e9<\/li>\n<li>Fournir un\u00a0<b>topo<\/b><\/li>\n<\/ul>\n<p>Hasta luego !<\/p>\n","protected":false},"excerpt":{"rendered":"<p>PV fonctionne principalement par les cotisations de ses membres. MERCI LES AMIS ! Le club alpin suisse, plusieurs sections de&hellip;<\/p>\n","protected":false},"author":1,"featured_media":0,"parent":0,"menu_order":0,"comment_status":"open","ping_status":"open","template":"","meta":[],"_links":{"self":[{"href":"http:\/\/www.planvertical.ch\/site\/wp-json\/wp\/v2\/pages\/1069"}],"collection":[{"href":"http:\/\/www.planvertical.ch\/site\/wp-json\/wp\/v2\/pages"}],"about":[{"href":"http:\/\/www.planvertical.ch\/site\/wp-json\/wp\/v2\/types\/page"}],"author":[{"embeddable":true,"href":"http:\/\/www.planvertical.ch\/site\/wp-json\/wp\/v2\/users\/1"}],"replies":[{"embeddable":true,"href":"http:\/\/www.planvertical.ch\/site\/wp-json\/wp\/v2\/comments?post=1069"}],"version-history":[{"count":11,"href":"http:\/\/www.planvertical.ch\/site\/wp-json\/wp\/v2\/pages\/1069\/revisions"}],"predecessor-version":[{"id":1240,"href":"http:\/\/www.planvertical.ch\/site\/wp-json\/wp\/v2\/pages\/1069\/revisions\/1240"}],"wp:attachment":[{"href":"http:\/\/www.planvertical.ch\/site\/wp-json\/wp\/v2\/media?parent=1069"}],"curies":[{"name":"wp","href":"https:\/\/api.w.org\/{rel}","templated":true}]}}